{"id":62,"date":"2021-08-03T21:14:54","date_gmt":"2021-08-03T21:14:54","guid":{"rendered":"https:\/\/sartor-wohnen.de\/?page_id=62"},"modified":"2021-08-16T15:28:59","modified_gmt":"2021-08-16T15:28:59","slug":"62-2","status":"publish","type":"page","link":"https:\/\/sartor-wohnen.de\/?page_id=62","title":{"rendered":"Impressum &#038; Datenschutz"},"content":{"rendered":"<p>[et_pb_section fb_built=&#8221;1&#8243; admin_label=&#8221;Hero section&#8221; _builder_version=&#8221;3.22&#8243; use_background_color_gradient=&#8221;on&#8221; background_color_gradient_start=&#8221;rgba(150,105,97,0.67)&#8221; background_color_gradient_end=&#8221;rgba(2,0,76,0.84)&#8221; background_color_gradient_overlays_image=&#8221;on&#8221; background_image=&#8221;https:\/\/sartor-wohnen.de\/wp-content\/uploads\/2021\/08\/real-estate-13-1.jpg&#8221; background_position=&#8221;top_center&#8221; custom_margin=&#8221;|||&#8221; custom_padding=&#8221;10%||6.7%|||&#8221;][et_pb_row _builder_version=&#8221;4.9.2&#8243; custom_margin=&#8221;|||&#8221;][et_pb_column type=&#8221;4_4&#8243; _builder_version=&#8221;3.25&#8243; custom_padding=&#8221;1px|||&#8221; custom_padding__hover=&#8221;|||&#8221;][et_pb_text _builder_version=&#8221;4.9.2&#8243; text_font=&#8221;Lato||||||||&#8221; text_font_size=&#8221;20px&#8221; text_line_height=&#8221;1.8em&#8221; header_font=&#8221;Lato|900|||||||&#8221; header_font_size=&#8221;80px&#8221; header_letter_spacing=&#8221;2px&#8221; header_line_height=&#8221;1.2em&#8221; background_layout=&#8221;dark&#8221; animation_style=&#8221;fold&#8221; header_font_size_tablet=&#8221;46px&#8221; header_font_size_phone=&#8221;&#8221; header_font_size_last_edited=&#8221;on|tablet&#8221;]<\/p>\n<h1>Impressum &amp; Datenschutz<\/h1>\n<p>&nbsp;<\/p>\n<p>[\/et_pb_text][\/et_pb_column][\/et_pb_row][\/et_pb_section][et_pb_section fb_built=&#8221;1&#8243; admin_label=&#8221;Team&#8221; _builder_version=&#8221;3.22&#8243; custom_margin=&#8221;|||&#8221; custom_padding=&#8221;54px|0px|100px|0px&#8221;][et_pb_row _builder_version=&#8221;3.25&#8243; background_color=&#8221;#ffffff&#8221; background_size=&#8221;initial&#8221; background_position=&#8221;top_left&#8221; background_repeat=&#8221;repeat&#8221; custom_margin=&#8221;-10%|||&#8221; custom_padding=&#8221;60px|0px|60px|0px&#8221; animation_style=&#8221;slide&#8221; animation_direction=&#8221;bottom&#8221; animation_intensity_slide=&#8221;6%&#8221; animation_starting_opacity=&#8221;100%&#8221; border_radii=&#8221;on|15px|15px|15px|15px&#8221; border_color_all=&#8221;#3c39e6&#8243; border_width_top=&#8221;18px&#8221; box_shadow_style=&#8221;preset3&#8243; box_shadow_vertical=&#8221;39px&#8221; box_shadow_blur=&#8221;80px&#8221; box_shadow_color=&#8221;rgba(0,0,0,0.1)&#8221; custom_width_px=&#8221;1280px&#8221;][et_pb_column type=&#8221;4_4&#8243; _builder_version=&#8221;3.25&#8243; custom_padding=&#8221;30px|40px|30px|40px&#8221; custom_padding__hover=&#8221;|||&#8221;][et_pb_blurb title=&#8221;Ralph Fischer&#8221; image=&#8221;https:\/\/sartor-wohnen.de\/wp-content\/uploads\/2021\/08\/csm_Kufa_Bild_-_Ralph_d0459f433f.jpg&#8221; icon_placement=&#8221;left&#8221; image_max_width=&#8221;100px&#8221; image_max_width_tablet=&#8221;&#8221; image_max_width_phone=&#8221;&#8221; image_max_width_last_edited=&#8221;on|desktop&#8221; _builder_version=&#8221;4.9.2&#8243; header_font=&#8221;Lato|700|||||||&#8221; header_line_height=&#8221;1.4em&#8221; body_font=&#8221;Lato|500|||||||&#8221; body_font_size=&#8221;16px&#8221; hover_enabled=&#8221;0&#8243; border_radii_image=&#8221;on|100px|100px|100px|100px&#8221; title_text=&#8221;csm_Kufa_Bild_-_Ralph_d0459f433f&#8221; sticky_enabled=&#8221;0&#8243;]<\/p>\n<p>Bauherr Wohnanlage Sartor<\/p>\n<p>[\/et_pb_blurb][et_pb_text _builder_version=&#8221;4.9.2&#8243; text_font=&#8221;Lato||||||||&#8221; text_text_color=&#8221;#898f99&#8243; text_font_size=&#8221;16px&#8221; text_line_height=&#8221;1.8em&#8221; header_font=&#8221;||||||||&#8221; header_2_font=&#8221;Lato||||||||&#8221; header_3_font=&#8221;Lato|700|||||||&#8221; header_3_text_color=&#8221;#4f4f6f&#8221; header_3_font_size=&#8221;36px&#8221; header_3_line_height=&#8221;1.5em&#8221; custom_margin=&#8221;30px|||&#8221; custom_padding=&#8221;30px|||&#8221; border_color_all=&#8221;rgba(51,51,51,0.12)&#8221; border_width_top=&#8221;1px&#8221;]<\/p>\n<p style=\"text-align: center;\"><em><strong>Impressum<\/strong><\/em><span><\/span><\/p>\n<p style=\"text-align: center;\"><span>Ralph Fischer<\/span><\/p>\n<p style=\"text-align: center;\"><span>Auf der Bienhornschanze 18, 56077 Koblenz<\/span><\/p>\n<p style=\"text-align: center;\"><span>Telefon: +49 2654 93 90 16<\/span><br \/><span>Mail: <\/span><a href=\"mailto:info@lemonaid.de\">info@sartor-wohnen.de<\/a><br \/><span><\/span><span>Amtsgericht: Koblenz<\/span><br \/><span><\/span><span><\/span><\/p>\n<p style=\"text-align: center;\"><span>Inhaltlich verantwortlich: Ralph Fischer<\/span><\/p>\n<p>[\/et_pb_text][et_pb_blurb title=&#8221;(+49) 2654-939016&#8243; use_icon=&#8221;on&#8221; font_icon=&#8221;%%264%%&#8221; icon_color=&#8221;#3c39e6&#8243; icon_placement=&#8221;left&#8221; use_icon_font_size=&#8221;on&#8221; icon_font_size=&#8221;18px&#8221; _builder_version=&#8221;3.0.106&#8243; header_font=&#8221;Lato|700|||||||&#8221; header_font_size=&#8221;15px&#8221; header_letter_spacing=&#8221;1px&#8221;][\/et_pb_blurb][et_pb_blurb title=&#8221;info@sartor-wohnen.de&#8221; use_icon=&#8221;on&#8221; font_icon=&#8221;%%238%%&#8221; icon_color=&#8221;#3c39e6&#8243; icon_placement=&#8221;left&#8221; use_icon_font_size=&#8221;on&#8221; icon_font_size=&#8221;18px&#8221; _builder_version=&#8221;3.0.106&#8243; header_font=&#8221;Lato|700|||||||&#8221; header_font_size=&#8221;15px&#8221; header_letter_spacing=&#8221;1px&#8221;][\/et_pb_blurb][\/et_pb_column][\/et_pb_row][\/et_pb_section][et_pb_section fb_built=&#8221;1&#8243; admin_label=&#8221;Hero section&#8221; _builder_version=&#8221;4.9.2&#8243; use_background_color_gradient=&#8221;on&#8221; background_color_gradient_start=&#8221;rgba(150,105,97,0.67)&#8221; background_color_gradient_end=&#8221;rgba(2,0,76,0.84)&#8221; background_color_gradient_overlays_image=&#8221;on&#8221; background_enable_image=&#8221;off&#8221; background_position=&#8221;top_center&#8221; custom_margin=&#8221;|||&#8221; custom_padding=&#8221;10%||10%|&#8221;][et_pb_row _builder_version=&#8221;3.25&#8243; custom_margin=&#8221;|||&#8221;][et_pb_column type=&#8221;4_4&#8243; _builder_version=&#8221;3.25&#8243; custom_padding=&#8221;|||&#8221; custom_padding__hover=&#8221;|||&#8221;][et_pb_cta title=&#8221;Datenschutz&#8221; button_url=&#8221;#&#8221; _builder_version=&#8221;4.9.2&#8243; header_font=&#8221;Lato|900||on|||||&#8221; header_font_size=&#8221;48px&#8221; header_letter_spacing=&#8221;2px&#8221; header_line_height=&#8221;1.2em&#8221; body_font=&#8221;Lato||||||||&#8221; body_font_size=&#8221;20px&#8221; body_line_height=&#8221;1.8em&#8221; use_background_color=&#8221;off&#8221; max_width=&#8221;750px&#8221; module_alignment=&#8221;center&#8221; animation_style=&#8221;fold&#8221; header_font_size_tablet=&#8221;40px&#8221; header_font_size_phone=&#8221;&#8221; header_font_size_last_edited=&#8221;on|tablet&#8221; header_text_shadow_style=&#8221;preset1&#8243; header_text_shadow_blur_strength=&#8221;0.6em&#8221; header_text_shadow_color=&#8221;rgba(0,0,0,0.24)&#8221; button_letter_spacing_hover=&#8221;2px&#8221; button_text_size__hover_enabled=&#8221;off&#8221; button_one_text_size__hover_enabled=&#8221;off&#8221; button_two_text_size__hover_enabled=&#8221;off&#8221; button_text_color__hover_enabled=&#8221;off&#8221; button_one_text_color__hover_enabled=&#8221;off&#8221; button_two_text_color__hover_enabled=&#8221;off&#8221; button_border_width__hover_enabled=&#8221;off&#8221; button_one_border_width__hover_enabled=&#8221;off&#8221; button_two_border_width__hover_enabled=&#8221;off&#8221; button_border_color__hover_enabled=&#8221;off&#8221; button_one_border_color__hover_enabled=&#8221;off&#8221; button_two_border_color__hover_enabled=&#8221;off&#8221; button_border_radius__hover_enabled=&#8221;off&#8221; button_one_border_radius__hover_enabled=&#8221;off&#8221; button_two_border_radius__hover_enabled=&#8221;off&#8221; button_letter_spacing__hover_enabled=&#8221;on&#8221; button_letter_spacing__hover=&#8221;2px&#8221; button_one_letter_spacing__hover_enabled=&#8221;off&#8221; button_two_letter_spacing__hover_enabled=&#8221;off&#8221; button_bg_color__hover_enabled=&#8221;off&#8221; button_one_bg_color__hover_enabled=&#8221;off&#8221; button_two_bg_color__hover_enabled=&#8221;off&#8221;]<\/p>\n<p class=\"p1\"><span class=\"s1\"><b>Informationen zu Datenschutz und Datensicherheit<\/b><\/span><\/p>\n<p class=\"p1\"><span class=\"s1\">1. Informationen zur Erhebung personenbezogener Daten <\/span><\/p>\n<p class=\"p1\"><span class=\"s1\">Nachfolgend informieren wir Sie \u00fcber die Erhebung personenbezogener Daten anl\u00e4sslich der Nutzung unserer Website <a href=\"https:\/\/www.lemon-aid.de\/\"><span class=\"s2\">https:\/\/www.sartor-wohnen.de<\/span><\/a>. Personenbezogene Daten sind alle Daten, die auf eine identifizierte oder identifizierbare nat\u00fcrliche Person beziehbar sind, z.B. Name, Anschrift, E-Mail-Adresse und Nutzerverhalten.<\/span><\/p>\n<p class=\"p1\"><span class=\"s1\">Verantwortlicher gem\u00e4\u00df Art. 4 Abs. 7 EU-Datenschutz-Grundverordnung (nachfolgend: \u201eDSGVO\u201c) ist Ralph Fischer, Auf der Bienhornschanze 18, 56077 Koblenz, E-Mail: \u00a0<a href=\"mailto:info@lemonaid.de\"><span class=\"s2\">fischer@sartor-wohnen.de<\/span><\/a> (siehe auch unser <\/span><span class=\"s3\">Impressum<\/span><span class=\"s1\">). <\/span><\/p>\n<p class=\"p1\"><span class=\"s1\">Treten Sie mit uns per E-Mail oder \u00fcber ein Kontaktformular in Verbindung, werden die von Ihnen mitgeteilten Daten (Ihre E-Mail-Adresse, ggf. Ihr Name und Ihre Telefonnummer) von uns gespeichert, damit wir Ihre Fragen beantworten k\u00f6nnen. Diese Daten l\u00f6schen wir, sobald deren Speicherung f\u00fcr den betreffenden Zweck nicht mehr erforderlich ist, oder wir beschr\u00e4nken die Verarbeitung auf das Ma\u00df, welches zur Erf\u00fcllung etwaiger gesetzlicher Aufbewahrungspflichten erforderlich ist.<\/span><\/p>\n<p class=\"p1\"><span class=\"s1\">Sofern wir f\u00fcr einzelne Funktionen unseres Angebots auf die Leistungen Dritter zur\u00fcckgreifen oder aber Ihre Daten f\u00fcr werbliche Zwecke nutzen m\u00f6chten, informieren wir Sie nachfolgend im Detail \u00fcber die damit jeweils verbundenen Vorg\u00e4nge und \u00fcber die festgelegten Kriterien der Speicherdauer.<\/span><span class=\"s1\"><span class=\"Apple-converted-space\">\u00a0 \u00a0<\/span><\/span><\/p>\n<p class=\"p1\"><span class=\"s1\">2. Ihre Rechte<\/span><\/p>\n<p class=\"p1\"><span class=\"s1\">Ihnen stehen uns gegen\u00fcber die nachfolgenden Rechte hinsichtlich der Sie betreffenden personenbezogenen Daten zu (Art. 15 bis 20 DSGVO):<\/span><\/p>\n<ul class=\"ul1\">\n<li class=\"li1\"><span class=\"s1\">Recht auf Auskunft,<\/span><\/li>\n<li class=\"li1\"><span class=\"s1\">Recht auf Berichtigung oder L\u00f6schung,<\/span><\/li>\n<li class=\"li1\"><span class=\"s1\">Recht auf Einschr\u00e4nkung der Verarbeitung,<\/span><\/li>\n<li class=\"li1\"><span class=\"s1\">Recht auf Widerspruch gegen die Verarbeitung,<\/span><\/li>\n<li class=\"li1\"><span class=\"s1\">Recht auf \u00dcbertragbarkeit.<\/span><\/li>\n<\/ul>\n<p>&nbsp;<\/p>\n<p class=\"p1\"><span class=\"s1\">Sie sind au\u00dferdem berechtigt, sich bei einer Datenschutzaufsichtsbeh\u00f6rde \u00fcber die Verarbeitung Ihrer personenbezogenen Daten durch uns zu beschweren, wenn Sie der Ansicht sind, dass diese nicht rechtm\u00e4\u00dfig erfolgt (Art. 77 DSGVO).<\/span><\/p>\n<p class=\"p1\"><span class=\"s1\">3. Erhebung personenbezogener Daten beim Besuch unserer Website<\/span><\/p>\n<ol class=\"ol1\">\n<li class=\"li1\"><span class=\"s1\">\u00dcbermittelte Daten<\/span><\/li>\n<\/ol>\n<p class=\"p1\"><span class=\"s1\">Bei der rein informatorischen Nutzung unserer Website, also wenn Sie sich weder registrieren, noch uns anderweitig Informationen \u00fcbermitteln, erheben wir nur diejenigen personenbezogenen Daten, die Ihr Browser an unseren Server \u00fcbermittelt. <\/span><\/p>\n<p class=\"p1\"><span class=\"s1\">Anl\u00e4sslich Ihres Betrachtens unserer Website erheben wir die folgenden Daten, die in technischer Hinsicht f\u00fcr uns erforderlich sind, damit Ihnen unsere Website angezeigt werden kann und deren Stabilit\u00e4t und Sicherheit gew\u00e4hrleistet ist:<\/span><\/p>\n<ul class=\"ul1\">\n<li class=\"li1\"><span class=\"s1\">IP-Adresse<\/span><\/li>\n<li class=\"li1\"><span class=\"s1\">Datum und Uhrzeit der Anfrage<\/span><\/li>\n<li class=\"li1\"><span class=\"s1\">Zeitzonendifferenz zur Greenwich Mean Time (GMT)<\/span><\/li>\n<li class=\"li1\"><span class=\"s1\">Inhalt der Anforderung (konkrete Seite)<\/span><\/li>\n<li class=\"li1\"><span class=\"s1\">Zugriffsstatus\/HTTP-Statuscode<\/span><\/li>\n<li class=\"li1\"><span class=\"s1\">jeweils \u00fcbertragene Datenmenge<\/span><\/li>\n<li class=\"li1\"><span class=\"s1\">Website, von der die Anforderung kommt<\/span><\/li>\n<li class=\"li1\"><span class=\"s1\">Browser<\/span><\/li>\n<li class=\"li1\"><span class=\"s1\">Betriebssystem und dessen Oberfl\u00e4che<\/span><\/li>\n<li class=\"li1\"><span class=\"s1\">Sprache und Version der Browsersoftware.<\/span><\/li>\n<\/ul>\n<p>&nbsp;<\/p>\n<p class=\"p1\"><span class=\"s1\">Die Rechtsgrundlage hierf\u00fcr ist Art. 6 Abs. 1 S. 1 lit. f DS-GVO.<\/span><\/p>\n<ol class=\"ol1\">\n<li class=\"li1\"><span class=\"s1\">Cookies und Browsereinstellung<\/span><\/li>\n<\/ol>\n<p class=\"p1\"><span class=\"s1\">Zus\u00e4tzlich zu den zuvor genannten Daten werden bei Ihrer Nutzung unserer Website Cookies auf Ihrem Rechner gespeichert. Cookies sind kleine Textdateien, die auf Ihrer Festplatte dem von Ihnen verwendeten Browser zugeordnet und gespeichert werden. Durch das Setzen von Cookies flie\u00dfen uns bestimmte Informationen zu, die dazu dienen, das Internetangebot insgesamt nutzerfreundlicher, bequemer und effektiver zu machen. Sie k\u00f6nnen Ihre Browsereinstellung selbst nach Ihren eigenen W\u00fcnschen konfigurieren und dabei z.B. die Annahme von Third-Party-Cookies oder auch allen Cookies ablehnen. Wir weisen Sie darauf hin, dass Sie dann m\u00f6glicherweise nicht alle Funktionen dieser Website nutzen k\u00f6nnen.<\/span><\/p>\n<p class=\"p1\"><span class=\"s1\">Diese Website nutzt sogenannte transiente Cookies und persistente Cookies:<\/span><\/p>\n<ol class=\"ol2\">\n<li class=\"li1\"><span class=\"s1\">Transiente Cookies <\/span><\/li>\n<\/ol>\n<p class=\"p1\"><span class=\"s1\">Transiente Cookies werden beim Schlie\u00dfen des Browsers automatisiert gel\u00f6scht. Hierzu geh\u00f6ren insbesondere die Session-Cookies. Diese speichern eine sogenannte Session-ID, \u00fcber die sich verschiedene Anfragen Ihres Browsers der gemeinsamen Sitzung zuordnen lassen. Wenn Sie auf unsere Website zur\u00fcckkehren, kann damit Ihr Rechner wiedererkannt werden. Beim Ausloggen oder Schlie\u00dfen des Browsers werden die Session-Cookies gel\u00f6scht. <\/span><\/p>\n<ol class=\"ol2\">\n<li class=\"li1\"><span class=\"s1\">Persistente Cookies<\/span><\/li>\n<\/ol>\n<p class=\"p1\"><span class=\"s1\">Persistente Cookies werden automatisiert nach einer vorgegebenen Dauer gel\u00f6scht, die sich je nach Cookie unterscheiden kann. Sie k\u00f6nnen die Cookies in den Sicherheitseinstellungen Ihres Browsers jederzeit l\u00f6schen.<\/span><\/p>\n<p class=\"p1\"><span class=\"s1\">4. Weitere Funktionen und Angebote unserer Website<\/span><\/p>\n<p class=\"p1\"><span class=\"s1\">Bei Interesse k\u00f6nnen Sie \u00fcber die rein informatorische Nutzung unserer Website hinaus verschiedene Funktionen und Leistungen nutzen. Hierzu m\u00fcssen Sie in der Regel weitere personenbezogene Daten angeben. F\u00fcr diese gelten die zuvor genannten Grunds\u00e4tze der Datenverarbeitung und wir nutzen sie zur Erbringung der jeweiligen Leistung. Teilweise<\/span> <span class=\"s1\">bedienen wir uns zur Verarbeitung Ihrer Daten externer Dienstleister. Diese wurden von uns sorgf\u00e4ltig ausgew\u00e4hlt und beauftragt, sind an unsere Weisungen gebunden und werden regelm\u00e4\u00dfig kontrolliert.<\/span><\/p>\n<p class=\"p1\"><span class=\"s1\">Weiterhin k\u00f6nnen wir Ihre personenbezogenen Daten an Dritte weitergeben, wenn wir Leistungen im Rahmen von Aktionen, Gewinnspielen oder \u00e4hnlichem gemeinsam mit Partnern anbieten. N\u00e4here Informationen hierzu erhalten Sie bei Angabe Ihrer personenbezogenen Daten oder in der Beschreibung der jeweiligen Funktion oder des jeweiligen Angebotes.<\/span><\/p>\n<p class=\"p1\"><span class=\"s1\">Soweit unsere Dienstleister oder Partner ihren Sitz in einem Staat au\u00dferhalb des Europ\u00e4ischen Wirtschaftsraumes (EWR) haben, informieren wir Sie \u00fcber die Folgen dieses Umstands in der Beschreibung des Angebotes.<\/span><\/p>\n<p class=\"p1\"><span class=\"s1\">5. Widerspruch gegen die Verarbeitung Ihrer Daten oder Widerruf der Einwilligung <\/span><\/p>\n<p class=\"p1\"><span class=\"s1\">Falls Sie eine Einwilligung zur Verarbeitung Ihrer Daten erteilt haben, k\u00f6nnen Sie diese jederzeit f\u00fcr die Zukunft widerrufen. Ein solcher Widerruf beeinflusst die Zul\u00e4ssigkeit der Verarbeitung Ihrer personenbezogenen Daten, nachdem Sie ihn gegen\u00fcber uns ausgesprochen haben.<\/span><\/p>\n<p class=\"p1\"><span class=\"s1\">Soweit wir die Verarbeitung Ihrer personenbezogenen Daten auf die Interessenabw\u00e4gung st\u00fctzen und nicht darauf, dass deren Verarbeitung zur Erf\u00fcllung eines Vertrags mit Ihnen erforderlich ist, k\u00f6nnen Sie Widerspruch gegen die Verarbeitung einlegen. Wir bitten Sie f\u00fcr den Fall der Aus\u00fcbung eines solchen Widerspruchs darum, uns die Gr\u00fcnde darzulegen, weshalb wir Ihre personenbezogenen Daten nicht wie von uns durchgef\u00fchrt verarbeiten sollten. Wir pr\u00fcfen im Falle Ihres begr\u00fcndeten Widerspruchs die Sachlage und werden entweder die Datenverarbeitung einstellen bzw. anpassen oder Ihnen unsere zwingenden schutzw\u00fcrdigen Gr\u00fcnde aufzeigen, aufgrund derer wir die Verarbeitung fortf\u00fchren.<\/span><\/p>\n<p class=\"p1\"><span class=\"s1\">Selbstverst\u00e4ndlich k\u00f6nnen Sie der Verarbeitung Ihrer personenbezogenen Daten f\u00fcr Zwecke der Werbung und Datenanalyse jederzeit widersprechen. \u00dcber Ihren Werbewiderspruch k\u00f6nnen Sie uns per E-Mail unter info@sartor-wohnen.de oder unter den im Impressum angegebenen Kontaktdaten informieren.<\/span><\/p>\n<p class=\"p1\"><span class=\"s1\">6. Web Analytics<\/span><\/p>\n<p class=\"p1\"><span class=\"s1\">Diese Website benutzt Google Analytics, einen Webanalysedienst der Google Inc. (\u201eGoogle\u201c). Google Analytics verwendet sogenannte Cookies, also Textdateien, die auf Ihrem Computer gespeichert werden und die eine Analyse der Nutzung der Website durch Sie erm\u00f6glichen. Die durch den Cookie erzeugten Informationen \u00fcber Ihre Benutzung dieser Website werden in der Regel an einen Server von Google in den USA \u00fcbertragen und dort gespeichert. Im Falle der Aktivierung der IP-Anonymisierung auf dieser Website wird Ihre IP-Adresse von Google jedoch innerhalb von Mitgliedstaaten der Europ\u00e4ischen Union oder in anderen Vertragsstaaten des Abkommens \u00fcber den Europ\u00e4ischen Wirtschaftsraum zuvor gek\u00fcrzt. Nur in Ausnahmef\u00e4llen wird die volle IP-Adresse an einen Server von Google in den USA \u00fcbertragen und dort gek\u00fcrzt. Im Auftrag des Betreibers dieser Website wird Google diese Informationen benutzen, um Ihre Nutzung der Website auszuwerten, um Berichte \u00fcber die Website-Aktivit\u00e4ten zusammenzustellen und um weitere mit der Website-Nutzung und der Internetnutzung verbundene Dienstleistungen gegen\u00fcber dem Website-Betreiber zu erbringen.<\/span><\/p>\n<p class=\"p1\"><span class=\"s1\">Die im Rahmen von Google Analytics von Ihrem Browser \u00fcbermittelte IP-Adresse wird nicht mit anderen Daten von Google zusammengef\u00fchrt.<\/span><\/p>\n<p class=\"p1\"><span class=\"s1\">Sie k\u00f6nnen die Speicherung der Cookies durch eine entsprechende Einstellung Ihrer Browser-Software verhindern. In diesem Fall sind gegebenenfalls nicht s\u00e4mtliche Funktionen dieser Website vollumf\u00e4nglich nutzbar. Sie k\u00f6nnen dar\u00fcber hinaus die Erfassung der durch das Cookie erzeugten und auf Ihre Nutzung der Website bezogenen Daten (einschlie\u00dflich Ihrer IP-Adresse) an Google sowie die Verarbeitung dieser Daten durch Google verhindern, indem Sie das unter dem folgenden Link verf\u00fcgbare Browser-Plug-in herunterladen und installieren: <a href=\"http:\/\/tools.google.com\/dlpage\/gaoptout?hl=de\"><span class=\"s5\">http:\/\/tools.google.com\/dlpage\/gaoptout?hl=de<\/span><\/a>.<\/span><\/p>\n<p class=\"p1\"><span class=\"s1\">Diese Website verwendet Google Analytics mit der Erweiterung \u201e_anonymizeIp()\u201c. Dadurch werden IP-Adressen gek\u00fcrzt weiterverarbeitet und eine Personenbeziehbarkeit kann damit ausgeschlossen werden. Soweit den \u00fcber Sie erhobenen Daten ein Personenbezug zukommt, wird dieser also sofort ausgeschlossen und die personenbezogenen Daten damit umgehend gel\u00f6scht.<\/span><\/p>\n<p class=\"p1\"><span class=\"s1\">Wir nutzen Google Analytics, um die Nutzung unserer Website analysieren und regelm\u00e4\u00dfig verbessern zu k\u00f6nnen. \u00dcber die dabei gewonnenen Erkenntnisse k\u00f6nnen wir unser Angebot verbessern und f\u00fcr Sie als Nutzer interessanter gestalten. F\u00fcr die Ausnahmef\u00e4lle, in denen personenbezogene Daten in die USA \u00fcbertragen werden, hat sich Google dem EU-US Privacy Shield unterworfen, <a href=\"https:\/\/www.privacyshield.gov\/EU-US-Framework\"><span class=\"s5\">https:\/\/www.privacyshield.gov\/EU-US-Framework<\/span><\/a>. <\/span><\/p>\n<p class=\"p1\"><span class=\"s1\">Rechtsgrundlage f\u00fcr die Nutzung von Google Analytics ist Art. 6 Abs. 1 S. 1 lit. f DS-GVO.<\/span><\/p>\n<p class=\"p1\"><span class=\"s1\">Informationen des Drittanbieters: Google Dublin, Google Ireland Ltd., Gordon House, Barrow Street, Dublin 4, Ireland, Fax: +353 (1) 436 1001. <\/span><\/p>\n<p class=\"p1\"><span class=\"s1\">Nutzerbedingungen: <\/span><\/p>\n<p class=\"p4\"><span class=\"s3\"><a href=\"http:\/\/www.google.com\/analytics\/terms\/de.html\">http:\/\/www.google.com\/analytics\/terms\/de.html<\/a><\/span><span class=\"s6\">, \u00dcbersicht zum Datenschutz: <a href=\"http:\/\/www.google.com\/intl\/de\/analytics\/learn\/privacy.html\"><span class=\"s5\">http:\/\/www.google.com\/intl\/de\/analytics\/learn\/privacy.html<\/span><\/a>, sowie die Datenschutzerkl\u00e4rung: <a href=\"http:\/\/www.google.de\/intl\/de\/policies\/privacy\"><span class=\"s5\">http:\/\/www.google.de\/intl\/de\/policies\/privacy<\/span><\/a>.<\/span><\/p>\n<p class=\"p1\"><span class=\"s1\">Diese Website verwendet Google Analytics zudem f\u00fcr eine ger\u00e4te\u00fcbergreifende Analyse von Besucherstr\u00f6men, die \u00fcber eine User-ID durchgef\u00fchrt wird. Sie k\u00f6nnen in Ihrem Kundenkonto unter \u201eMeine Daten\u201c, \u201epers\u00f6nliche Daten\u201c die ger\u00e4te\u00fcbergreifende Analyse Ihrer Nutzung deaktivieren.<\/span><\/p>\n<p class=\"p1\"><span class=\"s1\">7. Social Plug-ins<\/span><\/p>\n<p class=\"p1\"><span class=\"s1\">Wir setzen derzeit Social Plug-ins von Facebook und Instagram ein und nutzen dabei die sogenannte Zwei-Klick-L\u00f6sung: anl\u00e4sslich des Besuchs unserer Website werden zun\u00e4chst grunds\u00e4tzlich keine personenbezogenen Daten an den Anbieter der Plug-ins weitergegeben, den Sie anhand der Markierung auf dem Kasten \u00fcber seinen Anfangsbuchstaben oder das Logo erkennen. Nur wenn Sie auf das markierte Feld klicken und es dadurch aktivieren, erh\u00e4lt der Plug-in-Anbieter die Information, dass Sie die entsprechende Website unseres Online-Angebots aufgerufen haben. Zudem werden die vorstehend unter Ziff. 3 dieser Erkl\u00e4rung aufgef\u00fchrten Daten \u00fcbermittelt. Durch die Aktivierung des Plug-ins werden also personenbezogene Daten von Ihnen an den jeweiligen Plug-in-Anbieter \u00fcbermittelt und dort gespeichert. Da der Plug-in-Anbieter die Datenerhebung insbesondere \u00fcber Cookies vornimmt, empfehlen wir Ihnen, vor dem Klick auf den ausgegrauten Kasten \u00fcber die Sicherheitseinstellungen Ihres Browsers alle Cookies zu l\u00f6schen.<\/span><\/p>\n<p class=\"p1\"><span class=\"s1\">Wir haben weder Einfluss auf die erhobenen Daten und Datenverarbeitungsvorg\u00e4nge, noch sind uns der volle Umfang der Datenerhebung, die Zwecke der Verarbeitung oder die Speicherfristen der Plug-in-Anbieter bekannt. Auch zur L\u00f6schung der erhobenen Daten durch den Plug-in-Anbieter liegen uns keine Informationen vor. Der Plug-in-Anbieter speichert die \u00fcber Sie erhobenen Daten als Nutzungsprofile und nutzt diese f\u00fcr Zwecke der Werbung, Marktforschung und\/oder bedarfsgerechten Gestaltung seiner Website. Eine solche Auswertung erfolgt insbesondere (auch f\u00fcr nicht eingeloggte Nutzer) zur Darstellung von bedarfsgerechter Werbung und um andere Nutzer des sozialen Netzwerks \u00fcber Ihre Aktivit\u00e4ten auf unserer Website zu informieren. Ihnen steht ein Widerspruchsrecht gegen die Bildung dieser Nutzerprofile zu, welches Sie direkt gegen\u00fcber dem Plug-in-Anbieter aus\u00fcben m\u00fcssen.<\/span><\/p>\n<p class=\"p1\"><span class=\"s1\">\u00dcber die Plug-ins bieten wir Ihnen die M\u00f6glichkeit, mit den sozialen Netzwerken und anderen Nutzern zu interagieren, so dass wir unser Angebot verbessern und f\u00fcr Sie als Nutzer interessanter ausgestalten k\u00f6nnen. Rechtsgrundlage f\u00fcr die Nutzung der Plug-ins ist Art. 6 Abs. 1 S. 1 lit. f DSGVO.<\/span><\/p>\n<p class=\"p1\"><span class=\"s1\">Die Datenweitergabe erfolgt unabh\u00e4ngig davon, ob Sie ein Konto bei dem Plug-in-Anbieter unterhalten und ob Sie dort eingeloggt sind. Wenn Sie bei dem Plug-in-Anbieter eingeloggt sind, werden Ihre bei uns erhobenen Daten direkt Ihrem beim Plug-in-Anbieter bestehenden Konto zugeordnet. Wenn Sie den aktivierten Button bet\u00e4tigen und z.B. die Seite verlinken, speichert der Plug-in-Anbieter auch diese Information in Ihrem Nutzerkonto und teilt sie Ihren Kontakten \u00f6ffentlich mit. <\/span><\/p>\n<p class=\"p1\"><span class=\"s1\">Wir empfehlen Ihnen, sich nach Nutzung eines sozialen Netzwerks regelm\u00e4\u00dfig auszuloggen, insbesondere jedoch vor Aktivierung des Buttons, um auf diese Weise eine Zuordnung zu Ihrem Profil bei dem Plug-in-Anbieter zu vermeiden.<\/span><\/p>\n<p class=\"p1\"><span class=\"s1\">Weitere Informationen zu Zweck und Umfang der Datenerhebung und ihrer Verarbeitung durch den Plug-in-Anbieter erhalten Sie in den im Folgenden mitgeteilten Datenschutzerkl\u00e4rungen dieser Anbieter. Dort erhalten Sie auch weitere Informationen zu Ihren diesbez\u00fcglichen Rechten und Einstellungsm\u00f6glichkeiten zum Schutz Ihrer Privatsph\u00e4re.<\/span><\/p>\n<p class=\"p4\"><span class=\"s6\">Facebook Inc., 1601 S California Ave, Palo Alto, California 94304, USA; <a href=\"http:\/\/www.facebook.com\/policy.php\"><span class=\"s5\">http:\/\/www.facebook.com\/policy.php<\/span><\/a>; weitere Informationen zur Datenerhebung: <a href=\"http:\/\/www.facebook.com\/help\/186325668085084\"><span class=\"s5\">http:\/\/www.facebook.com\/help\/186325668085084<\/span><\/a>, <a href=\"http:\/\/www.facebook.com\/about\/privacy\/your-info-on-other#applications\"><span class=\"s5\">http:\/\/www.facebook.com\/about\/privacy\/your-info-on-other#applications<\/span><\/a> sowie <a href=\"http:\/\/www.facebook.com\/about\/privacy\/your-info#everyoneinfo\"><span class=\"s5\">http:\/\/www.facebook.com\/about\/privacy\/your-info#everyoneinfo<\/span><\/a>. Facebook hat sich dem EU-US-Privacy-Shield unterworfen, <a href=\"https:\/\/www.privacyshield.gov\/EU-US-Framework\"><span class=\"s5\">https:\/\/www.privacyshield.gov\/EU-US-Framework<\/span><\/a>.<\/span><\/p>\n<p class=\"p1\"><span class=\"s1\">8. Einbindung von YouTube-Videos<\/span><\/p>\n<p class=\"p1\"><span class=\"s1\">Wir haben YouTube-Videos in unser Online-Angebot eingebunden, die auf <a href=\"http:\/\/www.youtube.com\/\"><span class=\"s5\">http:\/\/www.youtube.com<\/span><\/a> gespeichert sind und von unserer Website aus direkt abspielbar sind. [Diese sind alle im \u201eerweiterten Datenschutz-Modus\u201c eingebunden, d.h. dass keine Daten \u00fcber Sie als Nutzer an YouTube \u00fcbertragen werden, wenn Sie die Videos nicht abspielen. Erst wenn Sie die Videos abspielen, werden die in Absatz 2 genannten Daten \u00fcbertragen. Auf diese Daten\u00fcbertragung haben wir keinen Einfluss.]<\/span><\/p>\n<p class=\"p1\"><span class=\"s1\">Durch den Besuch auf der Website erh\u00e4lt YouTube die Information, dass Sie die entsprechende Unterseite unserer Website aufgerufen haben. Zudem werden die unter Ziff. 3 dieser Erkl\u00e4rung aufgef\u00fchrten Daten \u00fcbermittelt. Dies erfolgt unabh\u00e4ngig davon, ob YouTube ein Nutzerkonto bereitstellt, \u00fcber das Sie eingeloggt sind, oder ob kein Nutzerkonto besteht. Wenn Sie bei Google eingeloggt sind, werden Ihre Daten direkt Ihrem Konto zugeordnet. Wenn Sie die Zuordnung mit Ihrem Profil bei YouTube nicht w\u00fcnschen, m\u00fcssen Sie sich vor Aktivierung des Buttons ausloggen. YouTube speichert Ihre Daten als Nutzungsprofile und nutzt sie f\u00fcr Zwecke der Werbung, Marktforschung und\/oder bedarfsgerechten Gestaltung seiner Website. Eine solche Auswertung erfolgt insbesondere (selbst f\u00fcr nicht eingeloggte Nutzer) zur Erbringung von bedarfsgerechter Werbung und um andere Nutzer des sozialen Netzwerks \u00fcber Ihre Aktivit\u00e4ten auf unserer Website zu informieren. Ihnen steht ein Widerspruchsrecht zu gegen die Bildung dieser Nutzerprofile, wobei Sie sich zur Aus\u00fcbung dessen an YouTube richten m\u00fcssen.<\/span><\/p>\n<p class=\"p1\"><span class=\"s1\">Weitere Informationen zu Zweck und Umfang der Datenerhebung und ihrer Verarbeitung durch YouTube erhalten Sie in der Datenschutzerkl\u00e4rung. Dort erhalten Sie auch weitere Informationen zu Ihren Rechten und Einstellungsm\u00f6glichkeiten zum Schutze Ihrer Privatsph\u00e4re: <a href=\"https:\/\/www.google.de\/intl\/de\/policies\/privacy\"><span class=\"s5\">https:\/\/www.google.de\/intl\/de\/policies\/privacy<\/span><\/a>. Google verarbeitet Ihre personenbezogenen Daten auch in den USA und hat sich dem EU-US-Privacy-Shield unterworfen, <a href=\"https:\/\/www.privacyshield.gov\/EU-US-Framework\"><span class=\"s5\">https:\/\/www.privacyshield.gov\/EU-US-Framework<\/span><\/a>.<\/span><\/p>\n<p class=\"p1\"><span class=\"s1\">9. Einbindung von Google Maps<\/span><\/p>\n<p class=\"p1\"><span class=\"s1\">Auf dieser Webseite nutzen wir das Angebot von Google Maps, um Ihnen interaktive Karten direkt in der Website anzeigen zu k\u00f6nnen und Ihnen die komfortable Nutzung der Kartenfunktion zu erm\u00f6glichen.<\/span><\/p>\n<p class=\"p1\"><span class=\"s1\">Durch den Besuch auf der Website erh\u00e4lt Google die Information, dass Sie die entsprechende Unterseite unserer Website aufgerufen haben. Zudem werden die unter Ziff. 3 dieser Erkl\u00e4rung aufgef\u00fchrten Daten \u00fcbermittelt. Dies erfolgt unabh\u00e4ngig davon, ob Google ein Nutzerkonto bereitstellt, \u00fcber das Sie eingeloggt sind, oder ob kein Nutzerkonto besteht. Wenn Sie bei Google eingeloggt sind, werden Ihre Daten direkt Ihrem Konto zugeordnet. W\u00fcnschen Sie die Zuordnung mit Ihrem Profil bei Google nicht, m\u00fcssen Sie sich vor Aktivierung des Buttons ausloggen. Google speichert Ihre Daten als Nutzungsprofile und nutzt sie f\u00fcr Zwecke der Werbung, Marktforschung und\/oder zur bedarfsgerechten Gestaltung seiner Website. Eine solche Auswertung erfolgt insbesondere (selbst f\u00fcr nicht eingeloggte Nutzer) zur Erbringung von bedarfsgerechter Werbung und um andere Nutzer des sozialen Netzwerks \u00fcber Ihre Aktivit\u00e4ten auf unserer Website zu informieren. Ihnen steht ein Widerspruchsrecht gegen die Bildung dieser Nutzerprofile zu, welches Sie gegen\u00fcber Google aus\u00fcben m\u00fcssen.<\/span><\/p>\n<p class=\"p1\"><span class=\"s1\">Weitere Informationen zu Zweck und Umfang der Datenerhebung und ihrer Verarbeitung durch Google Maps erhalten Sie in den Datenschutzerkl\u00e4rungen des Anbieters. Dort erhalten Sie auch weitere Informationen zu Ihren diesbez\u00fcglichen Rechten und Einstellungsm\u00f6glichkeiten zum Schutze Ihrer Privatsph\u00e4re: <a href=\"http:\/\/www.google.de\/intl\/de\/policies\/privacy\"><span class=\"s5\">http:\/\/www.google.de\/intl\/de\/policies\/privacy<\/span><\/a>. Google verarbeitet Ihre personenbezogenen Daten auch in den USA und hat sich dem EU-US Privacy Shield unterworfen, <a href=\"https:\/\/www.privacyshield.gov\/EU-US-Framework\"><span class=\"s5\">https:\/\/www.privacyshield.gov\/EU-US-Framework<\/span><\/a>.<\/span><\/p>\n<p class=\"p1\"><span class=\"s1\">01.08.2021<\/span><\/p>\n<p>[\/et_pb_cta][\/et_pb_column][\/et_pb_row][\/et_pb_section]<\/p>\n","protected":false},"excerpt":{"rendered":"<p>[et_pb_section fb_built=&#8221;1&#8243; admin_label=&#8221;Hero section&#8221; _builder_version=&#8221;3.22&#8243; use_background_color_gradient=&#8221;on&#8221; background_color_gradient_start=&#8221;rgba(150,105,97,0.67)&#8221; background_color_gradient_end=&#8221;rgba(2,0,76,0.84)&#8221; background_color_gradient_overlays_image=&#8221;on&#8221; background_image=&#8221;https:\/\/sartor-wohnen.de\/wp-content\/uploads\/2021\/08\/real-estate-13-1.jpg&#8221; background_position=&#8221;top_center&#8221; custom_margin=&#8221;|||&#8221; custom_padding=&#8221;10%||6.7%|||&#8221;][et_pb_row _builder_version=&#8221;4.9.2&#8243; custom_margin=&#8221;|||&#8221;][et_pb_column type=&#8221;4_4&#8243; _builder_version=&#8221;3.25&#8243; custom_padding=&#8221;1px|||&#8221; custom_padding__hover=&#8221;|||&#8221;][et_pb_text _builder_version=&#8221;4.9.2&#8243; text_font=&#8221;Lato||||||||&#8221; text_font_size=&#8221;20px&#8221; text_line_height=&#8221;1.8em&#8221; header_font=&#8221;Lato|900|||||||&#8221; header_font_size=&#8221;80px&#8221; header_letter_spacing=&#8221;2px&#8221; header_line_height=&#8221;1.2em&#8221; background_layout=&#8221;dark&#8221; animation_style=&#8221;fold&#8221; header_font_size_tablet=&#8221;46px&#8221; header_font_size_phone=&#8221;&#8221; header_font_size_last_edited=&#8221;on|tablet&#8221;] Impressum &amp; Datenschutz &nbsp; [\/et_pb_text][\/et_pb_column][\/et_pb_row][\/et_pb_section][et_pb_section fb_built=&#8221;1&#8243; admin_label=&#8221;Team&#8221; _builder_version=&#8221;3.22&#8243; custom_margin=&#8221;|||&#8221; custom_padding=&#8221;54px|0px|100px|0px&#8221;][et_pb_row _builder_version=&#8221;3.25&#8243; background_color=&#8221;#ffffff&#8221; background_size=&#8221;initial&#8221; background_position=&#8221;top_left&#8221; background_repeat=&#8221;repeat&#8221; custom_margin=&#8221;-10%|||&#8221; custom_padding=&#8221;60px|0px|60px|0px&#8221; animation_style=&#8221;slide&#8221; animation_direction=&#8221;bottom&#8221; animation_intensity_slide=&#8221;6%&#8221; animation_starting_opacity=&#8221;100%&#8221; border_radii=&#8221;on|15px|15px|15px|15px&#8221; border_color_all=&#8221;#3c39e6&#8243; [&hellip;]<\/p>\n","protected":false},"author":1,"featured_media":0,"parent":0,"menu_order":0,"comment_status":"closed","ping_status":"closed","template":"","meta":{"_et_pb_use_builder":"on","_et_pb_old_content":"","_et_gb_content_width":"","footnotes":""},"class_list":["post-62","page","type-page","status-publish","hentry"],"_links":{"self":[{"href":"https:\/\/sartor-wohnen.de\/index.php?rest_route=\/wp\/v2\/pages\/62","targetHints":{"allow":["GET"]}}],"collection":[{"href":"https:\/\/sartor-wohnen.de\/index.php?rest_route=\/wp\/v2\/pages"}],"about":[{"href":"https:\/\/sartor-wohnen.de\/index.php?rest_route=\/wp\/v2\/types\/page"}],"author":[{"embeddable":true,"href":"https:\/\/sartor-wohnen.de\/index.php?rest_route=\/wp\/v2\/users\/1"}],"replies":[{"embeddable":true,"href":"https:\/\/sartor-wohnen.de\/index.php?rest_route=%2Fwp%2Fv2%2Fcomments&post=62"}],"version-history":[{"count":5,"href":"https:\/\/sartor-wohnen.de\/index.php?rest_route=\/wp\/v2\/pages\/62\/revisions"}],"predecessor-version":[{"id":91,"href":"https:\/\/sartor-wohnen.de\/index.php?rest_route=\/wp\/v2\/pages\/62\/revisions\/91"}],"wp:attachment":[{"href":"https:\/\/sartor-wohnen.de\/index.php?rest_route=%2Fwp%2Fv2%2Fmedia&parent=62"}],"curies":[{"name":"wp","href":"https:\/\/api.w.org\/{rel}","templated":true}]}}